{"id":1115,"date":"2024-07-08T04:37:16","date_gmt":"2024-07-08T02:37:16","guid":{"rendered":"https:\/\/ammd.themesawesome.com\/ladhesion\/"},"modified":"2025-10-16T14:52:46","modified_gmt":"2025-10-16T12:52:46","slug":"ladhesion","status":"publish","type":"page","link":"https:\/\/ammd.lu\/fr\/ladhesion\/","title":{"rendered":"L&rsquo;adh\u00e9sion"},"content":{"rendered":"\t\t<div data-elementor-type=\"wp-page\" data-elementor-id=\"1115\" class=\"elementor elementor-1115 elementor-458\" data-elementor-post-type=\"page\">\n\t\t\t\t<div class=\"elementor-element elementor-element-f57b4ab main-container e-flex e-con-boxed e-con e-parent\" data-id=\"f57b4ab\" data-element_type=\"container\">\n\t\t\t\t\t<div class=\"e-con-inner\">\n\t\t<div class=\"elementor-element elementor-element-97fe6af e-con-full e-flex e-con e-child\" data-id=\"97fe6af\" data-element_type=\"container\">\n\t\t<div class=\"elementor-element elementor-element-8572136 e-con-full e-flex e-con e-child\" data-id=\"8572136\" data-element_type=\"container\">\n\t\t\t\t<div class=\"elementor-element elementor-element-86c7978 elementor-invisible elementor-widget elementor-widget-heading\" data-id=\"86c7978\" data-element_type=\"widget\" data-settings=\"{&quot;_animation&quot;:&quot;fadeInUp&quot;}\" data-widget_type=\"heading.default\">\n\t\t\t\t<div class=\"elementor-widget-container\">\n\t\t\t\t\t<h4 class=\"elementor-heading-title elementor-size-default\">Proc\u00e9dure<\/h4>\t\t\t\t<\/div>\n\t\t\t\t<\/div>\n\t\t\t\t<div class=\"elementor-element elementor-element-61a7ffe blue-text elementor-widget__width-initial elementor-invisible elementor-widget elementor-widget-heading\" data-id=\"61a7ffe\" data-element_type=\"widget\" data-settings=\"{&quot;_animation&quot;:&quot;fadeIn&quot;,&quot;_animation_delay&quot;:200}\" data-widget_type=\"heading.default\">\n\t\t\t\t<div class=\"elementor-widget-container\">\n\t\t\t\t\t<h2 class=\"elementor-heading-title elementor-size-default\">Comment devenir membre de l'AMMD<\/h2>\t\t\t\t<\/div>\n\t\t\t\t<\/div>\n\t\t\t\t<\/div>\n\t\t<div class=\"elementor-element elementor-element-a41ad21 e-con-full e-flex e-con e-child\" data-id=\"a41ad21\" data-element_type=\"container\">\n\t\t\t\t<div class=\"elementor-element elementor-element-70be46b elementor-widget__width-initial elementor-invisible elementor-widget elementor-widget-text-editor\" data-id=\"70be46b\" data-element_type=\"widget\" data-settings=\"{&quot;_animation&quot;:&quot;fadeIn&quot;,&quot;_animation_delay&quot;:400}\" data-widget_type=\"text-editor.default\">\n\t\t\t\t<div class=\"elementor-widget-container\">\n\t\t\t\t\t\t\t\t\t<p>L&rsquo;AMMD est la principale association m\u00e9dicale du Luxembourg. Elle assure la liaison entre le corps m\u00e9dical et les minist\u00e8res de tutelle, la CNS et d&rsquo;autres administrations.<\/p>\n\t\t\t\t\t\t\t\t<\/div>\n\t\t\t\t<\/div>\n\t\t\t\t<\/div>\n\t\t\t\t<\/div>\n\t\t\t\t\t<\/div>\n\t\t\t\t<\/div>\n\t\t<div class=\"elementor-element elementor-element-146b12e main-container e-flex e-con-boxed e-con e-parent\" data-id=\"146b12e\" data-element_type=\"container\">\n\t\t\t\t\t<div class=\"e-con-inner\">\n\t\t<div class=\"elementor-element elementor-element-23cc574 e-con-full e-flex elementor-invisible e-con e-child\" data-id=\"23cc574\" data-element_type=\"container\" data-settings=\"{&quot;background_background&quot;:&quot;classic&quot;,&quot;animation&quot;:&quot;fadeIn&quot;}\">\n\t\t\t\t<div class=\"elementor-element elementor-element-2ff8e31 elementor-align-center elementor-invisible elementor-widget elementor-widget-button\" data-id=\"2ff8e31\" data-element_type=\"widget\" data-settings=\"{&quot;_animation&quot;:&quot;fadeInUp&quot;,&quot;_animation_delay&quot;:400}\" data-widget_type=\"button.default\">\n\t\t\t\t<div class=\"elementor-widget-container\">\n\t\t\t\t\t\t\t\t\t<div class=\"elementor-button-wrapper\">\n\t\t\t\t\t<a class=\"elementor-button elementor-button-link elementor-size-md elementor-animation-float\" href=\"http:\/\/ammd.lu\/fr\/registre\/\">\n\t\t\t\t\t\t<span class=\"elementor-button-content-wrapper\">\n\t\t\t\t\t\t<span class=\"elementor-button-icon\">\n\t\t\t\t<svg xmlns=\"http:\/\/www.w3.org\/2000\/svg\" width=\"22\" height=\"22\" viewBox=\"0 0 22 22\" fill=\"none\"><path fill-rule=\"evenodd\" clip-rule=\"evenodd\" d=\"M10.4328 3.72126V6.428H11.9424V3.72126L15.9384 7.71721L17.0057 6.6484L11.722 1.36475H10.6547L5.37109 6.6484L6.43839 7.71721L10.4328 3.72126Z\" fill=\"#2363BB\"><\/path><path d=\"M2.12981 12.4659L1.375 13.2207V20.7687L2.12981 21.5236H20.2452L21 20.7687V13.2207L20.2452 12.4659H14.8861C14.7128 13.319 14.25 14.086 13.5759 14.637C12.9019 15.1879 12.0581 15.4889 11.1875 15.4889C10.3169 15.4889 9.47315 15.1879 8.79909 14.637C8.12504 14.086 7.66218 13.319 7.48894 12.4659H2.12981ZM15.9624 13.9755H19.4904V20.0139H2.88462V13.9755H6.41259C6.84085 14.8795 7.51692 15.6433 8.36219 16.1782C9.20747 16.7131 10.1872 16.997 11.1875 16.997C12.1878 16.997 13.1675 16.7131 14.0128 16.1782C14.8581 15.6433 15.5342 14.8795 15.9624 13.9755ZM10.4327 7.93701H11.9423V9.44663H10.4327V7.93701ZM10.4327 10.9562H11.9423V12.4659H10.4327V10.9562Z\" fill=\"#2363BB\"><\/path><\/svg>\t\t\t<\/span>\n\t\t\t\t\t\t\t\t\t<span class=\"elementor-button-text\">Demande d'adh\u00e9sion<\/span>\n\t\t\t\t\t<\/span>\n\t\t\t\t\t<\/a>\n\t\t\t\t<\/div>\n\t\t\t\t\t\t\t\t<\/div>\n\t\t\t\t<\/div>\n\t\t\t\t<\/div>\n\t\t\t\t\t<\/div>\n\t\t\t\t<\/div>\n\t\t<div class=\"elementor-element elementor-element-2d590ec e-flex e-con-boxed elementor-invisible e-con e-parent\" data-id=\"2d590ec\" data-element_type=\"container\" data-settings=\"{&quot;animation&quot;:&quot;fadeIn&quot;}\">\n\t\t\t\t\t<div class=\"e-con-inner\">\n\t\t\t\t<div class=\"elementor-element elementor-element-5248644 elementor-widget elementor-widget-heading\" data-id=\"5248644\" data-element_type=\"widget\" data-widget_type=\"heading.default\">\n\t\t\t\t<div class=\"elementor-widget-container\">\n\t\t\t\t\t<h3 class=\"elementor-heading-title elementor-size-default\">Devenez membre de l'AMMD<\/h3>\t\t\t\t<\/div>\n\t\t\t\t<\/div>\n\t\t<div class=\"elementor-element elementor-element-b733859 e-con-full e-flex e-con e-child\" data-id=\"b733859\" data-element_type=\"container\">\n\t\t\t\t<div class=\"elementor-element elementor-element-cfdd265 elementor-widget elementor-widget-text-editor\" data-id=\"cfdd265\" data-element_type=\"widget\" data-widget_type=\"text-editor.default\">\n\t\t\t\t<div class=\"elementor-widget-container\">\n\t\t\t\t\t\t\t\t\t<p>L&rsquo;Association des M\u00e9decins et M\u00e9decins-Dentistes est l&rsquo;association m\u00e9dicale la plus repr\u00e9sentative du Grand-Duch\u00e9 de Luxembourg et constitue de ce fait l&rsquo;interlocuteur essentiel entre le corps m\u00e9dical et les Minist\u00e8res de tutelle, la CNS ou autres administrations.<\/p>\t\t\t\t\t\t\t\t<\/div>\n\t\t\t\t<\/div>\n\t\t\t\t<div class=\"elementor-element elementor-element-8b471bc elementor-widget elementor-widget-heading\" data-id=\"8b471bc\" data-element_type=\"widget\" data-widget_type=\"heading.default\">\n\t\t\t\t<div class=\"elementor-widget-container\">\n\t\t\t\t\t<h5 class=\"elementor-heading-title elementor-size-default\">Les objectifs  <\/h5>\t\t\t\t<\/div>\n\t\t\t\t<\/div>\n\t\t\t\t<div class=\"elementor-element elementor-element-259ffeb elementor-icon-list--layout-traditional elementor-list-item-link-full_width elementor-widget elementor-widget-icon-list\" data-id=\"259ffeb\" data-element_type=\"widget\" data-widget_type=\"icon-list.default\">\n\t\t\t\t<div class=\"elementor-widget-container\">\n\t\t\t\t\t\t\t<ul class=\"elementor-icon-list-items\">\n\t\t\t\t\t\t\t<li class=\"elementor-icon-list-item\">\n\t\t\t\t\t\t\t\t\t\t\t<span class=\"elementor-icon-list-icon\">\n\t\t\t\t\t\t\t<svg aria-hidden=\"true\" class=\"e-font-icon-svg e-fas-circle\" viewBox=\"0 0 512 512\" xmlns=\"http:\/\/www.w3.org\/2000\/svg\"><path d=\"M256 8C119 8 8 119 8 256s111 248 248 248 248-111 248-248S393 8 256 8z\"><\/path><\/svg>\t\t\t\t\t\t<\/span>\n\t\t\t\t\t\t\t\t\t\t<span class=\"elementor-icon-list-text\">Repr\u00e9senter le corps m\u00e9dical et m\u00e9dico-dentaire \u00e0 tous les niveaux d\u00e9cisionnels du secteur de la Sant\u00e9<\/span>\n\t\t\t\t\t\t\t\t\t<\/li>\n\t\t\t\t\t\t\t\t<li class=\"elementor-icon-list-item\">\n\t\t\t\t\t\t\t\t\t\t\t<span class=\"elementor-icon-list-icon\">\n\t\t\t\t\t\t\t<svg aria-hidden=\"true\" class=\"e-font-icon-svg e-fas-circle\" viewBox=\"0 0 512 512\" xmlns=\"http:\/\/www.w3.org\/2000\/svg\"><path d=\"M256 8C119 8 8 119 8 256s111 248 248 248 248-111 248-248S393 8 256 8z\"><\/path><\/svg>\t\t\t\t\t\t<\/span>\n\t\t\t\t\t\t\t\t\t\t<span class=\"elementor-icon-list-text\">Faire valoir les int\u00e9r\u00eats et les besoins du corps m\u00e9dical et m\u00e9dico-dentaire luxembourgeois, promouvoir les bonnes pratiques m\u00e9dicales par le Conseil Scientifique dont la pr\u00e9sidence est assum\u00e9e par notre association<\/span>\n\t\t\t\t\t\t\t\t\t<\/li>\n\t\t\t\t\t\t\t\t<li class=\"elementor-icon-list-item\">\n\t\t\t\t\t\t\t\t\t\t\t<span class=\"elementor-icon-list-icon\">\n\t\t\t\t\t\t\t<svg aria-hidden=\"true\" class=\"e-font-icon-svg e-fas-circle\" viewBox=\"0 0 512 512\" xmlns=\"http:\/\/www.w3.org\/2000\/svg\"><path d=\"M256 8C119 8 8 119 8 256s111 248 248 248 248-111 248-248S393 8 256 8z\"><\/path><\/svg>\t\t\t\t\t\t<\/span>\n\t\t\t\t\t\t\t\t\t\t<span class=\"elementor-icon-list-text\">D\u00e9fendre les int\u00e9r\u00eats du corps m\u00e9dical et m\u00e9dico-dentaire. A ce niveau les objectifs de notre association sont purement syndicaux <\/span>\n\t\t\t\t\t\t\t\t\t<\/li>\n\t\t\t\t\t\t\t\t<li class=\"elementor-icon-list-item\">\n\t\t\t\t\t\t\t\t\t\t\t<span class=\"elementor-icon-list-icon\">\n\t\t\t\t\t\t\t<svg aria-hidden=\"true\" class=\"e-font-icon-svg e-fas-circle\" viewBox=\"0 0 512 512\" xmlns=\"http:\/\/www.w3.org\/2000\/svg\"><path d=\"M256 8C119 8 8 119 8 256s111 248 248 248 248-111 248-248S393 8 256 8z\"><\/path><\/svg>\t\t\t\t\t\t<\/span>\n\t\t\t\t\t\t\t\t\t\t<span class=\"elementor-icon-list-text\">Repr\u00e9senter le corps m\u00e9dical luxembourgeois dans les organisations europ\u00e9ennes et internationales.<\/span>\n\t\t\t\t\t\t\t\t\t<\/li>\n\t\t\t\t\t\t<\/ul>\n\t\t\t\t\t\t<\/div>\n\t\t\t\t<\/div>\n\t\t\t\t<div class=\"elementor-element elementor-element-37927ac elementor-widget elementor-widget-text-editor\" data-id=\"37927ac\" data-element_type=\"widget\" data-widget_type=\"text-editor.default\">\n\t\t\t\t<div class=\"elementor-widget-container\">\n\t\t\t\t\t\t\t\t\t<p style=\"font-weight: 400;\"><em>Pour devenir membre de l\u2019AMMD, vous devez disposer d\u2019une autorisation \u00e0 exercer la m\u00e9decine ou la m\u00e9decine dentaire au Grand-Duch\u00e9 de Luxembourg et avoir proc\u00e9d\u00e9 \u00e0 toutes formalit\u00e9s pr\u00e9vues par la l\u00e9gislation en relation avec cette autorisation, et exercer la profession en fait.<\/em><\/p><p style=\"font-weight: 400;\"><em>Vous pouvez consulter toutes les formalit\u00e9s requises sur le site officiel du Minist\u00e8re de la Sant\u00e9 et de la S\u00e9curit\u00e9 sociale\u00a0: <a href=\"https:\/\/santesecu.public.lu\/fr\/espace-professionnel\/demande-autorisation-exercer.html\" data-saferedirecturl=\"https:\/\/www.google.com\/url?q=https:\/\/santesecu.public.lu\/fr\/espace-professionnel\/demande-autorisation-exercer.html&amp;source=gmail&amp;ust=1739620784306000&amp;usg=AOvVaw22rlJFxcAes4_2w2HnfptF\">https:\/\/santesecu.public.lu\/fr\/espace-professionnel\/demande-autorisation-exercer.html<\/a><\/em><\/p>\t\t\t\t\t\t\t\t<\/div>\n\t\t\t\t<\/div>\n\t\t\t\t<div class=\"elementor-element elementor-element-46ef672 elementor-align-left elementor-invisible elementor-widget elementor-widget-button\" data-id=\"46ef672\" data-element_type=\"widget\" data-settings=\"{&quot;_animation&quot;:&quot;fadeIn&quot;,&quot;_animation_delay&quot;:400}\" data-widget_type=\"button.default\">\n\t\t\t\t<div class=\"elementor-widget-container\">\n\t\t\t\t\t\t\t\t\t<div class=\"elementor-button-wrapper\">\n\t\t\t\t\t<a class=\"elementor-button elementor-button-link elementor-size-md elementor-animation-float\" href=\"https:\/\/ammd.lu\/fr\/registre\/\">\n\t\t\t\t\t\t<span class=\"elementor-button-content-wrapper\">\n\t\t\t\t\t\t<span class=\"elementor-button-icon\">\n\t\t\t\t<svg xmlns=\"http:\/\/www.w3.org\/2000\/svg\" width=\"22\" height=\"22\" viewBox=\"0 0 22 22\" fill=\"none\"><path fill-rule=\"evenodd\" clip-rule=\"evenodd\" d=\"M10.4328 3.72126V6.428H11.9424V3.72126L15.9384 7.71721L17.0057 6.6484L11.722 1.36475H10.6547L5.37109 6.6484L6.43839 7.71721L10.4328 3.72126Z\" fill=\"#2363BB\"><\/path><path d=\"M2.12981 12.4659L1.375 13.2207V20.7687L2.12981 21.5236H20.2452L21 20.7687V13.2207L20.2452 12.4659H14.8861C14.7128 13.319 14.25 14.086 13.5759 14.637C12.9019 15.1879 12.0581 15.4889 11.1875 15.4889C10.3169 15.4889 9.47315 15.1879 8.79909 14.637C8.12504 14.086 7.66218 13.319 7.48894 12.4659H2.12981ZM15.9624 13.9755H19.4904V20.0139H2.88462V13.9755H6.41259C6.84085 14.8795 7.51692 15.6433 8.36219 16.1782C9.20747 16.7131 10.1872 16.997 11.1875 16.997C12.1878 16.997 13.1675 16.7131 14.0128 16.1782C14.8581 15.6433 15.5342 14.8795 15.9624 13.9755ZM10.4327 7.93701H11.9423V9.44663H10.4327V7.93701ZM10.4327 10.9562H11.9423V12.4659H10.4327V10.9562Z\" fill=\"#2363BB\"><\/path><\/svg>\t\t\t<\/span>\n\t\t\t\t\t\t\t\t\t<span class=\"elementor-button-text\">Demande d'adh\u00e9sion<\/span>\n\t\t\t\t\t<\/span>\n\t\t\t\t\t<\/a>\n\t\t\t\t<\/div>\n\t\t\t\t\t\t\t\t<\/div>\n\t\t\t\t<\/div>\n\t\t\t\t<\/div>\n\t\t\t\t\t<\/div>\n\t\t\t\t<\/div>\n\t\t<div class=\"elementor-element elementor-element-e1a114f main-container elementor-hidden-desktop elementor-hidden-tablet elementor-hidden-mobile e-flex e-con-boxed e-con e-parent\" data-id=\"e1a114f\" data-element_type=\"container\" data-settings=\"{&quot;background_background&quot;:&quot;classic&quot;}\">\n\t\t\t\t\t<div class=\"e-con-inner\">\n\t\t\t\t<div class=\"elementor-element elementor-element-79199be elementor-widget__width-initial elementor-invisible elementor-widget elementor-widget-heading\" data-id=\"79199be\" data-element_type=\"widget\" data-settings=\"{&quot;_animation&quot;:&quot;fadeIn&quot;,&quot;_animation_delay&quot;:100}\" data-widget_type=\"heading.default\">\n\t\t\t\t<div class=\"elementor-widget-container\">\n\t\t\t\t\t<h2 class=\"elementor-heading-title elementor-size-default\">Rejoignez l'AMMD et entrez en contact avec d'\u00e9minents professionnels de la m\u00e9decine et de la dentisterie<\/h2>\t\t\t\t<\/div>\n\t\t\t\t<\/div>\n\t\t<div class=\"elementor-element elementor-element-9d9fdc0 e-con-full e-flex e-con e-child\" data-id=\"9d9fdc0\" data-element_type=\"container\">\n\t\t\t\t<div class=\"elementor-element elementor-element-070911c elementor-align-left elementor-invisible elementor-widget elementor-widget-button\" data-id=\"070911c\" data-element_type=\"widget\" data-settings=\"{&quot;_animation&quot;:&quot;fadeInUp&quot;,&quot;_animation_delay&quot;:200}\" data-widget_type=\"button.default\">\n\t\t\t\t<div class=\"elementor-widget-container\">\n\t\t\t\t\t\t\t\t\t<div class=\"elementor-button-wrapper\">\n\t\t\t\t\t<a class=\"elementor-button elementor-button-link elementor-size-md\" href=\"#\">\n\t\t\t\t\t\t<span class=\"elementor-button-content-wrapper\">\n\t\t\t\t\t\t\t\t\t<span class=\"elementor-button-text\">Connexion des membres<\/span>\n\t\t\t\t\t<\/span>\n\t\t\t\t\t<\/a>\n\t\t\t\t<\/div>\n\t\t\t\t\t\t\t\t<\/div>\n\t\t\t\t<\/div>\n\t\t\t\t<div class=\"elementor-element elementor-element-b6ee385 elementor-align-left elementor-invisible elementor-widget elementor-widget-button\" data-id=\"b6ee385\" data-element_type=\"widget\" data-settings=\"{&quot;_animation&quot;:&quot;fadeInUp&quot;,&quot;_animation_delay&quot;:300}\" data-widget_type=\"button.default\">\n\t\t\t\t<div class=\"elementor-widget-container\">\n\t\t\t\t\t\t\t\t\t<div class=\"elementor-button-wrapper\">\n\t\t\t\t\t<a class=\"elementor-button elementor-button-link elementor-size-md\" href=\"#\">\n\t\t\t\t\t\t<span class=\"elementor-button-content-wrapper\">\n\t\t\t\t\t\t<span class=\"elementor-button-icon\">\n\t\t\t\t<svg xmlns=\"http:\/\/www.w3.org\/2000\/svg\" width=\"17\" height=\"16\" viewBox=\"0 0 17 16\" fill=\"none\"><path d=\"M8.5 1L15.5 8M15.5 8L8.5 15M15.5 8L1.5 8\" stroke=\"white\" stroke-width=\"2\" stroke-linecap=\"round\" stroke-linejoin=\"round\"><\/path><\/svg>\t\t\t<\/span>\n\t\t\t\t\t\t\t\t\t<span class=\"elementor-button-text\">Demande d'admission<\/span>\n\t\t\t\t\t<\/span>\n\t\t\t\t\t<\/a>\n\t\t\t\t<\/div>\n\t\t\t\t\t\t\t\t<\/div>\n\t\t\t\t<\/div>\n\t\t\t\t<\/div>\n\t\t\t\t\t<\/div>\n\t\t\t\t<\/div>\n\t\t\t\t<\/div>\n\t\t","protected":false},"excerpt":{"rendered":"<p>Proc\u00e9dure Comment devenir membre de l&rsquo;AMMD L&rsquo;AMMD est la principale association m\u00e9dicale du Luxembourg. Elle assure la liaison entre le corps m\u00e9dical et les minist\u00e8res de tutelle, la CNS et d&rsquo;autres administrations. Demande d&rsquo;adh\u00e9sion Devenez membre de l&rsquo;AMMD L&rsquo;Association des M\u00e9decins et M\u00e9decins-Dentistes est l&rsquo;association m\u00e9dicale la plus repr\u00e9sentative du Grand-Duch\u00e9 de Luxembourg et constitue [&hellip;]<\/p>\n","protected":false},"author":1,"featured_media":0,"parent":0,"menu_order":0,"comment_status":"closed","ping_status":"closed","template":"elementor_header_footer","meta":{"_acf_changed":false,"_bbp_topic_count":0,"_bbp_reply_count":0,"_bbp_total_topic_count":0,"_bbp_total_reply_count":0,"_bbp_voice_count":0,"_bbp_anonymous_reply_count":0,"_bbp_topic_count_hidden":0,"_bbp_reply_count_hidden":0,"_bbp_forum_subforum_count":0,"footnotes":""},"class_list":["post-1115","page","type-page","status-publish","hentry"],"acf":[],"yoast_head":"<!-- This site is optimized with the Yoast SEO plugin v26.3 - https:\/\/yoast.com\/wordpress\/plugins\/seo\/ -->\n<title>L&#039;adh\u00e9sion - Association des M\u00e9decins et M\u00e9decins-Dentistes<\/title>\n<meta name=\"description\" content=\"L\u2019association m\u00e9dicale la plus repr\u00e9sentative du Grand-Duch\u00e9 de Luxembourg, qui fait le lien avec le gouvernement et les autorit\u00e9s sanitaires.\" \/>\n<meta name=\"robots\" content=\"index, follow, max-snippet:-1, max-image-preview:large, max-video-preview:-1\" \/>\n<link rel=\"canonical\" href=\"https:\/\/ammd.lu\/fr\/ladhesion\/\" \/>\n<meta property=\"og:locale\" content=\"fr_FR\" \/>\n<meta property=\"og:type\" content=\"article\" \/>\n<meta property=\"og:title\" content=\"L&#039;adh\u00e9sion - Association des M\u00e9decins et M\u00e9decins-Dentistes\" \/>\n<meta property=\"og:description\" content=\"L\u2019association m\u00e9dicale la plus repr\u00e9sentative du Grand-Duch\u00e9 de Luxembourg, qui fait le lien avec le gouvernement et les autorit\u00e9s sanitaires.\" \/>\n<meta property=\"og:url\" content=\"https:\/\/ammd.lu\/fr\/ladhesion\/\" \/>\n<meta property=\"og:site_name\" content=\"Association des M\u00e9decins et M\u00e9decins-Dentistes\" \/>\n<meta property=\"article:publisher\" content=\"https:\/\/www.facebook.com\/ammd.lu\/\" \/>\n<meta property=\"article:modified_time\" content=\"2025-10-16T12:52:46+00:00\" \/>\n<meta property=\"og:image\" content=\"https:\/\/ammd.lu\/wp-content\/uploads\/2025\/03\/AMMD-Open-graph-image.png\" \/>\n\t<meta property=\"og:image:width\" content=\"1200\" \/>\n\t<meta property=\"og:image:height\" content=\"630\" \/>\n\t<meta property=\"og:image:type\" content=\"image\/png\" \/>\n<meta name=\"twitter:card\" content=\"summary_large_image\" \/>\n<meta name=\"twitter:label1\" content=\"Dur\u00e9e de lecture estim\u00e9e\" \/>\n\t<meta name=\"twitter:data1\" content=\"2 minutes\" \/>\n<script type=\"application\/ld+json\" class=\"yoast-schema-graph\">{\"@context\":\"https:\/\/schema.org\",\"@graph\":[{\"@type\":\"WebPage\",\"@id\":\"https:\/\/ammd.lu\/fr\/ladhesion\/\",\"url\":\"https:\/\/ammd.lu\/fr\/ladhesion\/\",\"name\":\"L'adh\u00e9sion - Association des M\u00e9decins et M\u00e9decins-Dentistes\",\"isPartOf\":{\"@id\":\"https:\/\/ammd.lu\/fr\/#website\"},\"datePublished\":\"2024-07-08T02:37:16+00:00\",\"dateModified\":\"2025-10-16T12:52:46+00:00\",\"description\":\"L\u2019association m\u00e9dicale la plus repr\u00e9sentative du Grand-Duch\u00e9 de Luxembourg, qui fait le lien avec le gouvernement et les autorit\u00e9s sanitaires.\",\"breadcrumb\":{\"@id\":\"https:\/\/ammd.lu\/fr\/ladhesion\/#breadcrumb\"},\"inLanguage\":\"fr-FR\",\"potentialAction\":[{\"@type\":\"ReadAction\",\"target\":[\"https:\/\/ammd.lu\/fr\/ladhesion\/\"]}]},{\"@type\":\"BreadcrumbList\",\"@id\":\"https:\/\/ammd.lu\/fr\/ladhesion\/#breadcrumb\",\"itemListElement\":[{\"@type\":\"ListItem\",\"position\":1,\"name\":\"Accueil\",\"item\":\"https:\/\/ammd.lu\/fr\/\"},{\"@type\":\"ListItem\",\"position\":2,\"name\":\"L&rsquo;adh\u00e9sion\"}]},{\"@type\":\"WebSite\",\"@id\":\"https:\/\/ammd.lu\/fr\/#website\",\"url\":\"https:\/\/ammd.lu\/fr\/\",\"name\":\"Association des M\u00e9decins et M\u00e9decins-Dentistes\",\"description\":\"AMMD\",\"publisher\":{\"@id\":\"https:\/\/ammd.lu\/fr\/#organization\"},\"potentialAction\":[{\"@type\":\"SearchAction\",\"target\":{\"@type\":\"EntryPoint\",\"urlTemplate\":\"https:\/\/ammd.lu\/fr\/?s={search_term_string}\"},\"query-input\":{\"@type\":\"PropertyValueSpecification\",\"valueRequired\":true,\"valueName\":\"search_term_string\"}}],\"inLanguage\":\"fr-FR\"},{\"@type\":\"Organization\",\"@id\":\"https:\/\/ammd.lu\/fr\/#organization\",\"name\":\"Association des M\u00e9decins et M\u00e9decins-Dentistes\",\"url\":\"https:\/\/ammd.lu\/fr\/\",\"logo\":{\"@type\":\"ImageObject\",\"inLanguage\":\"fr-FR\",\"@id\":\"https:\/\/ammd.lu\/fr\/#\/schema\/logo\/image\/\",\"url\":\"https:\/\/ammd.lu\/wp-content\/uploads\/2025\/03\/AMMD-Open-graph-image.png\",\"contentUrl\":\"https:\/\/ammd.lu\/wp-content\/uploads\/2025\/03\/AMMD-Open-graph-image.png\",\"width\":1200,\"height\":630,\"caption\":\"Association des M\u00e9decins et M\u00e9decins-Dentistes\"},\"image\":{\"@id\":\"https:\/\/ammd.lu\/fr\/#\/schema\/logo\/image\/\"},\"sameAs\":[\"https:\/\/www.facebook.com\/ammd.lu\/\"]}]}<\/script>\n<!-- \/ Yoast SEO plugin. -->","yoast_head_json":{"title":"L'adh\u00e9sion - Association des M\u00e9decins et M\u00e9decins-Dentistes","description":"L\u2019association m\u00e9dicale la plus repr\u00e9sentative du Grand-Duch\u00e9 de Luxembourg, qui fait le lien avec le gouvernement et les autorit\u00e9s sanitaires.","robots":{"index":"index","follow":"follow","max-snippet":"max-snippet:-1","max-image-preview":"max-image-preview:large","max-video-preview":"max-video-preview:-1"},"canonical":"https:\/\/ammd.lu\/fr\/ladhesion\/","og_locale":"fr_FR","og_type":"article","og_title":"L'adh\u00e9sion - Association des M\u00e9decins et M\u00e9decins-Dentistes","og_description":"L\u2019association m\u00e9dicale la plus repr\u00e9sentative du Grand-Duch\u00e9 de Luxembourg, qui fait le lien avec le gouvernement et les autorit\u00e9s sanitaires.","og_url":"https:\/\/ammd.lu\/fr\/ladhesion\/","og_site_name":"Association des M\u00e9decins et M\u00e9decins-Dentistes","article_publisher":"https:\/\/www.facebook.com\/ammd.lu\/","article_modified_time":"2025-10-16T12:52:46+00:00","og_image":[{"width":1200,"height":630,"url":"https:\/\/ammd.lu\/wp-content\/uploads\/2025\/03\/AMMD-Open-graph-image.png","type":"image\/png"}],"twitter_card":"summary_large_image","twitter_misc":{"Dur\u00e9e de lecture estim\u00e9e":"2 minutes"},"schema":{"@context":"https:\/\/schema.org","@graph":[{"@type":"WebPage","@id":"https:\/\/ammd.lu\/fr\/ladhesion\/","url":"https:\/\/ammd.lu\/fr\/ladhesion\/","name":"L'adh\u00e9sion - Association des M\u00e9decins et M\u00e9decins-Dentistes","isPartOf":{"@id":"https:\/\/ammd.lu\/fr\/#website"},"datePublished":"2024-07-08T02:37:16+00:00","dateModified":"2025-10-16T12:52:46+00:00","description":"L\u2019association m\u00e9dicale la plus repr\u00e9sentative du Grand-Duch\u00e9 de Luxembourg, qui fait le lien avec le gouvernement et les autorit\u00e9s sanitaires.","breadcrumb":{"@id":"https:\/\/ammd.lu\/fr\/ladhesion\/#breadcrumb"},"inLanguage":"fr-FR","potentialAction":[{"@type":"ReadAction","target":["https:\/\/ammd.lu\/fr\/ladhesion\/"]}]},{"@type":"BreadcrumbList","@id":"https:\/\/ammd.lu\/fr\/ladhesion\/#breadcrumb","itemListElement":[{"@type":"ListItem","position":1,"name":"Accueil","item":"https:\/\/ammd.lu\/fr\/"},{"@type":"ListItem","position":2,"name":"L&rsquo;adh\u00e9sion"}]},{"@type":"WebSite","@id":"https:\/\/ammd.lu\/fr\/#website","url":"https:\/\/ammd.lu\/fr\/","name":"Association des M\u00e9decins et M\u00e9decins-Dentistes","description":"AMMD","publisher":{"@id":"https:\/\/ammd.lu\/fr\/#organization"},"potentialAction":[{"@type":"SearchAction","target":{"@type":"EntryPoint","urlTemplate":"https:\/\/ammd.lu\/fr\/?s={search_term_string}"},"query-input":{"@type":"PropertyValueSpecification","valueRequired":true,"valueName":"search_term_string"}}],"inLanguage":"fr-FR"},{"@type":"Organization","@id":"https:\/\/ammd.lu\/fr\/#organization","name":"Association des M\u00e9decins et M\u00e9decins-Dentistes","url":"https:\/\/ammd.lu\/fr\/","logo":{"@type":"ImageObject","inLanguage":"fr-FR","@id":"https:\/\/ammd.lu\/fr\/#\/schema\/logo\/image\/","url":"https:\/\/ammd.lu\/wp-content\/uploads\/2025\/03\/AMMD-Open-graph-image.png","contentUrl":"https:\/\/ammd.lu\/wp-content\/uploads\/2025\/03\/AMMD-Open-graph-image.png","width":1200,"height":630,"caption":"Association des M\u00e9decins et M\u00e9decins-Dentistes"},"image":{"@id":"https:\/\/ammd.lu\/fr\/#\/schema\/logo\/image\/"},"sameAs":["https:\/\/www.facebook.com\/ammd.lu\/"]}]}},"_links":{"self":[{"href":"https:\/\/ammd.lu\/fr\/wp-json\/wp\/v2\/pages\/1115","targetHints":{"allow":["GET"]}}],"collection":[{"href":"https:\/\/ammd.lu\/fr\/wp-json\/wp\/v2\/pages"}],"about":[{"href":"https:\/\/ammd.lu\/fr\/wp-json\/wp\/v2\/types\/page"}],"author":[{"embeddable":true,"href":"https:\/\/ammd.lu\/fr\/wp-json\/wp\/v2\/users\/1"}],"replies":[{"embeddable":true,"href":"https:\/\/ammd.lu\/fr\/wp-json\/wp\/v2\/comments?post=1115"}],"version-history":[{"count":83,"href":"https:\/\/ammd.lu\/fr\/wp-json\/wp\/v2\/pages\/1115\/revisions"}],"predecessor-version":[{"id":2858,"href":"https:\/\/ammd.lu\/fr\/wp-json\/wp\/v2\/pages\/1115\/revisions\/2858"}],"wp:attachment":[{"href":"https:\/\/ammd.lu\/fr\/wp-json\/wp\/v2\/media?parent=1115"}],"curies":[{"name":"wp","href":"https:\/\/api.w.org\/{rel}","templated":true}]}}